{"id":1394,"date":"2026-02-06T12:35:53","date_gmt":"2026-02-06T11:35:53","guid":{"rendered":"https:\/\/raullizana.crealogica.eu\/qui-soc\/"},"modified":"2026-04-17T13:10:48","modified_gmt":"2026-04-17T11:10:48","slug":"raul-lizana","status":"publish","type":"page","link":"https:\/\/www.raullizana.com\/ca\/raul-lizana\/","title":{"rendered":"Qui s\u00f3c"},"content":{"rendered":"\t\t<div data-elementor-type=\"wp-page\" data-elementor-id=\"1394\" class=\"elementor elementor-1394 elementor-761\" data-elementor-post-type=\"page\">\n\t\t\t\t<div class=\"elementor-element elementor-element-d4db187 e-con-full e-flex e-con e-parent\" data-id=\"d4db187\" data-element_type=\"container\" data-e-type=\"container\" data-settings=\"{&quot;background_background&quot;:&quot;classic&quot;}\">\n\t\t<div class=\"elementor-element elementor-element-9188baf animated-fast e-flex e-con-boxed elementor-invisible e-con e-child\" data-id=\"9188baf\" data-element_type=\"container\" data-e-type=\"container\" data-settings=\"{&quot;background_background&quot;:&quot;classic&quot;,&quot;animation&quot;:&quot;fadeInUp&quot;}\">\n\t\t\t\t\t<div class=\"e-con-inner\">\n\t\t<div class=\"elementor-element elementor-element-6e25332 e-con-full e-flex e-con e-child\" data-id=\"6e25332\" data-element_type=\"container\" data-e-type=\"container\">\n\t\t\t\t<div class=\"elementor-element elementor-element-063bf66 animated-slow elementor-invisible elementor-widget elementor-widget-heading\" data-id=\"063bf66\" data-element_type=\"widget\" data-e-type=\"widget\" data-settings=\"{&quot;_animation&quot;:&quot;fadeIn&quot;,&quot;_animation_mobile&quot;:&quot;none&quot;}\" data-widget_type=\"heading.default\">\n\t\t\t\t\t<div class=\"elementor-heading-title elementor-size-default\">Qui s\u00f3c<\/div>\t\t\t\t<\/div>\n\t\t\t\t<div class=\"elementor-element elementor-element-7cede61 animated-slow elementor-invisible elementor-widget elementor-widget-heading\" data-id=\"7cede61\" data-element_type=\"widget\" data-e-type=\"widget\" data-settings=\"{&quot;_animation&quot;:&quot;fadeIn&quot;,&quot;_animation_mobile&quot;:&quot;none&quot;}\" data-widget_type=\"heading.default\">\n\t\t\t\t\t<h1 class=\"elementor-heading-title elementor-size-default\">RA\u00daL LIZANA ZAMUDIO<\/h1>\t\t\t\t<\/div>\n\t\t<div class=\"elementor-element elementor-element-c82c656 e-con-full e-flex e-con e-child\" data-id=\"c82c656\" data-element_type=\"container\" data-e-type=\"container\">\n\t\t\t\t<div class=\"elementor-element elementor-element-25ae404 animated-slow elementor-invisible elementor-widget elementor-widget-heading\" data-id=\"25ae404\" data-element_type=\"widget\" data-e-type=\"widget\" data-settings=\"{&quot;_animation&quot;:&quot;fadeIn&quot;,&quot;_animation_mobile&quot;:&quot;none&quot;}\" data-widget_type=\"heading.default\">\n\t\t\t\t\t<h2 class=\"elementor-heading-title elementor-size-default\">Psic\u00f2leg, doctor en psicopatologia, formador i supervisor. Professor del M\u00e0ster en Psicopatologia infantojuvenil i la Diplomatura en\u00a0Viol\u00e8ncies\u00a0Masclistes\u00a0de la Universitat Aut\u00f2noma de Barcelona. Est\u00e0 format en Ter\u00e0pia Centrada en la Compassi\u00f3 i\u00a0Mindfulness.<\/h2>\t\t\t\t<\/div>\n\t\t\t\t<\/div>\n\t\t\t\t<\/div>\n\t\t<div class=\"elementor-element elementor-element-049279d e-con-full animated-fast e-flex elementor-invisible e-con e-child\" data-id=\"049279d\" data-element_type=\"container\" data-e-type=\"container\" data-settings=\"{&quot;background_background&quot;:&quot;classic&quot;,&quot;animation&quot;:&quot;fadeInLeft&quot;,&quot;animation_delay&quot;:200}\">\n\t\t\t\t<\/div>\n\t\t\t\t\t<\/div>\n\t\t\t\t<\/div>\n\t\t\t\t<\/div>\n\t\t<div class=\"elementor-element elementor-element-3340e67 e-flex e-con-boxed e-con e-parent\" data-id=\"3340e67\" data-element_type=\"container\" data-e-type=\"container\" data-settings=\"{&quot;background_background&quot;:&quot;classic&quot;}\">\n\t\t\t\t\t<div class=\"e-con-inner\">\n\t\t<div class=\"elementor-element elementor-element-4e25561 e-con-full animated-slow e-flex elementor-invisible e-con e-child\" data-id=\"4e25561\" data-element_type=\"container\" data-e-type=\"container\" data-settings=\"{&quot;animation&quot;:&quot;fadeIn&quot;,&quot;animation_mobile&quot;:&quot;none&quot;}\">\n\t\t\t\t<div class=\"elementor-element elementor-element-7fc900b elementor-widget__width-initial elementor-widget elementor-widget-text-editor\" data-id=\"7fc900b\" data-element_type=\"widget\" data-e-type=\"widget\" data-widget_type=\"text-editor.default\">\n\t\t\t\t\t\t\t\t\t<p>Fa uns 30 anys vaig comen\u00e7ar a interessar-me per les situacions de viol\u00e8ncia i trauma i en com afectaven profundament fam\u00edlies i supervivents.<\/p>\n<p>Des de llavors la meva especialitzaci\u00f3 ha tingut a veure amb l&#8217;\u00e0mbit de la viol\u00e8ncia masclista en la parella, camp en el qual he tingut la possibilitat de treballar amb homes agressors, per a posteriorment vincular aquesta tasca amb la pr\u00e0ctica i reflexi\u00f3 sobre la intervenci\u00f3 de suport a supervivents d&#8217;aquesta viol\u00e8ncia: les dones i les seves filles i fills. Tot aquest treball ha implicat una ampliaci\u00f3 i integraci\u00f3 profunda de coneixements i experi\u00e8ncies que es continua enriquint dia a dia i que he intentat transmetre des d&#8217;un principi a trav\u00e9s de la supervisi\u00f3 i la formaci\u00f3.<\/p>\n\t\t\t\t\t\t\t\t<\/div>\n\t\t\t\t<\/div>\n\t\t<div class=\"elementor-element elementor-element-e1faf5f e-con-full animated-slow e-flex elementor-invisible e-con e-child\" data-id=\"e1faf5f\" data-element_type=\"container\" data-e-type=\"container\" data-settings=\"{&quot;animation&quot;:&quot;fadeIn&quot;,&quot;animation_mobile&quot;:&quot;none&quot;}\">\n\t\t\t\t<div class=\"elementor-element elementor-element-7df52af elementor-widget__width-initial elementor-widget elementor-widget-text-editor\" data-id=\"7df52af\" data-element_type=\"widget\" data-e-type=\"widget\" data-widget_type=\"text-editor.default\">\n\t\t\t\t\t\t\t\t\t<p>En aprofundir en els danys de la viol\u00e8ncia i el trauma, aviat em vaig adonar de la import\u00e0ncia de considerar el desgast professional de qui intervenim en aquestes situacions. La viol\u00e8ncia, la injust\u00edcia o la discriminaci\u00f3 ens afecten tamb\u00e9 de manera important. Per aix\u00f2 vaig comen\u00e7ar a desenvolupar algunes formacions i supervisions espec\u00edfiques enfocades en la cura de professionals i equips que treballen en l&#8217;\u00e0mbit social.<\/p>\n<p>Tot aquest proc\u00e9s ha implicat moltes preguntes i grans desafiaments, que m&#8217;han fet creure cada vegada m\u00e9s en la possibilitat que fundem les nostres relacions en la cura i el respecte.<\/p>\n\t\t\t\t\t\t\t\t<\/div>\n\t\t\t\t<\/div>\n\t\t\t\t\t<\/div>\n\t\t\t\t<\/div>\n\t\t<div class=\"elementor-element elementor-element-7c032fc e-flex e-con-boxed e-con e-parent\" data-id=\"7c032fc\" data-element_type=\"container\" data-e-type=\"container\" data-settings=\"{&quot;background_background&quot;:&quot;classic&quot;}\">\n\t\t\t\t\t<div class=\"e-con-inner\">\n\t\t<div class=\"elementor-element elementor-element-05b8efc e-con-full animated-slow e-flex elementor-invisible e-con e-child\" data-id=\"05b8efc\" data-element_type=\"container\" data-e-type=\"container\" data-settings=\"{&quot;animation&quot;:&quot;fadeIn&quot;,&quot;animation_mobile&quot;:&quot;none&quot;}\">\n\t\t\t\t<div class=\"elementor-element elementor-element-9d488e8 elementor-widget elementor-widget-n-accordion\" data-id=\"9d488e8\" data-element_type=\"widget\" data-e-type=\"widget\" data-settings=\"{&quot;default_state&quot;:&quot;all_collapsed&quot;,&quot;max_items_expended&quot;:&quot;one&quot;,&quot;n_accordion_animation_duration&quot;:{&quot;unit&quot;:&quot;ms&quot;,&quot;size&quot;:400,&quot;sizes&quot;:[]}}\" data-widget_type=\"nested-accordion.default\">\n\t\t\t\t\t\t\t<div class=\"e-n-accordion\" aria-label=\"Accordion. Open links with Enter or Space, close with Escape, and navigate with Arrow Keys\">\n\t\t\t\t\t\t<details id=\"e-n-accordion-item-1640\" class=\"e-n-accordion-item\" >\n\t\t\t\t<summary class=\"e-n-accordion-item-title\" data-accordion-index=\"1\" tabindex=\"0\" aria-expanded=\"false\" aria-controls=\"e-n-accordion-item-1640\" >\n\t\t\t\t\t<span class='e-n-accordion-item-title-header'><div class=\"e-n-accordion-item-title-text\"> Alguns Equips supervisats en Viol\u00e8ncia Masclista <\/div><\/span>\n\t\t\t\t\t\t\t<span class='e-n-accordion-item-title-icon'>\n\t\t\t<span class='e-opened' ><svg aria-hidden=\"true\" class=\"e-font-icon-svg e-fas-chevron-up\" viewBox=\"0 0 448 512\" xmlns=\"http:\/\/www.w3.org\/2000\/svg\"><path d=\"M240.971 130.524l194.343 194.343c9.373 9.373 9.373 24.569 0 33.941l-22.667 22.667c-9.357 9.357-24.522 9.375-33.901.04L224 227.495 69.255 381.516c-9.379 9.335-24.544 9.317-33.901-.04l-22.667-22.667c-9.373-9.373-9.373-24.569 0-33.941L207.03 130.525c9.372-9.373 24.568-9.373 33.941-.001z\"><\/path><\/svg><\/span>\n\t\t\t<span class='e-closed'><svg aria-hidden=\"true\" class=\"e-font-icon-svg e-fas-chevron-down\" viewBox=\"0 0 448 512\" xmlns=\"http:\/\/www.w3.org\/2000\/svg\"><path d=\"M207.029 381.476L12.686 187.132c-9.373-9.373-9.373-24.569 0-33.941l22.667-22.667c9.357-9.357 24.522-9.375 33.901-.04L224 284.505l154.745-154.021c9.379-9.335 24.544-9.317 33.901.04l22.667 22.667c9.373 9.373 9.373 24.569 0 33.941L240.971 381.476c-9.373 9.372-24.569 9.372-33.942 0z\"><\/path><\/svg><\/span>\n\t\t<\/span>\n\n\t\t\t\t\t\t<\/summary>\n\t\t\t\t<div role=\"region\" aria-labelledby=\"e-n-accordion-item-1640\" class=\"elementor-element elementor-element-09581b2 e-con-full e-flex e-con e-child\" data-id=\"09581b2\" data-element_type=\"container\" data-e-type=\"container\">\n\t\t<div role=\"region\" aria-labelledby=\"e-n-accordion-item-1640\" class=\"elementor-element elementor-element-ad03d58 e-flex e-con-boxed e-con e-child\" data-id=\"ad03d58\" data-element_type=\"container\" data-e-type=\"container\">\n\t\t\t\t\t<div class=\"e-con-inner\">\n\t\t\t\t<div class=\"elementor-element elementor-element-56dc276 elementor-widget__width-initial elementor-widget elementor-widget-text-editor\" data-id=\"56dc276\" data-element_type=\"widget\" data-e-type=\"widget\" data-widget_type=\"text-editor.default\">\n\t\t\t\t\t\t\t\t\t<p>SDAP Barcelona i Girona | Casa d&#8217;acollida SARV Girona i Tarragona | Punt de Trobada &#8211; Manresa, Girona i Gav\u00e0 | SIAD &#8211; Sant Cugat, Berga, Granollers, Rub\u00ed, Barber\u00e0 del Vall\u00e8s i Girona | CIRD &#8211; Santa Coloma de Gramanet | SIE &#8211; Girona | SAH (Servei d&#8217;atenci\u00f3 a homes per a la promoci\u00f3 de relacions no violentes) -Ajuntament de Barcelona | Atenci\u00f3 Integral a la Dona V\u00edctima de Viol\u00e8ncia de G\u00e8nere \u2013 Govern d\u2019Andorra | Comunalitat G\u00fcell &#8211; Girona.<\/p>\n\t\t\t\t\t\t\t\t<\/div>\n\t\t\t\t\t<\/div>\n\t\t\t\t<\/div>\n\t\t\t\t<\/div>\n\t\t\t\t\t<\/details>\n\t\t\t\t\t<\/div>\n\t\t\t\t\t\t<\/div>\n\t\t\t\t<\/div>\n\t\t<div class=\"elementor-element elementor-element-4db0f4b e-con-full animated-slow e-flex elementor-invisible e-con e-child\" data-id=\"4db0f4b\" data-element_type=\"container\" data-e-type=\"container\" data-settings=\"{&quot;animation&quot;:&quot;fadeIn&quot;,&quot;animation_mobile&quot;:&quot;none&quot;}\">\n\t\t\t\t<div class=\"elementor-element elementor-element-a3c6d8f elementor-widget elementor-widget-n-accordion\" data-id=\"a3c6d8f\" data-element_type=\"widget\" data-e-type=\"widget\" data-settings=\"{&quot;default_state&quot;:&quot;all_collapsed&quot;,&quot;max_items_expended&quot;:&quot;one&quot;,&quot;n_accordion_animation_duration&quot;:{&quot;unit&quot;:&quot;ms&quot;,&quot;size&quot;:400,&quot;sizes&quot;:[]}}\" data-widget_type=\"nested-accordion.default\">\n\t\t\t\t\t\t\t<div class=\"e-n-accordion\" aria-label=\"Accordion. Open links with Enter or Space, close with Escape, and navigate with Arrow Keys\">\n\t\t\t\t\t\t<details id=\"e-n-accordion-item-1710\" class=\"e-n-accordion-item\" >\n\t\t\t\t<summary class=\"e-n-accordion-item-title\" data-accordion-index=\"1\" tabindex=\"0\" aria-expanded=\"false\" aria-controls=\"e-n-accordion-item-1710\" >\n\t\t\t\t\t<span class='e-n-accordion-item-title-header'><div class=\"e-n-accordion-item-title-text\"> Alguns Equips supervisats Atenci\u00f3 Social <\/div><\/span>\n\t\t\t\t\t\t\t<span class='e-n-accordion-item-title-icon'>\n\t\t\t<span class='e-opened' ><svg aria-hidden=\"true\" class=\"e-font-icon-svg e-fas-chevron-up\" viewBox=\"0 0 448 512\" xmlns=\"http:\/\/www.w3.org\/2000\/svg\"><path d=\"M240.971 130.524l194.343 194.343c9.373 9.373 9.373 24.569 0 33.941l-22.667 22.667c-9.357 9.357-24.522 9.375-33.901.04L224 227.495 69.255 381.516c-9.379 9.335-24.544 9.317-33.901-.04l-22.667-22.667c-9.373-9.373-9.373-24.569 0-33.941L207.03 130.525c9.372-9.373 24.568-9.373 33.941-.001z\"><\/path><\/svg><\/span>\n\t\t\t<span class='e-closed'><svg aria-hidden=\"true\" class=\"e-font-icon-svg e-fas-chevron-down\" viewBox=\"0 0 448 512\" xmlns=\"http:\/\/www.w3.org\/2000\/svg\"><path d=\"M207.029 381.476L12.686 187.132c-9.373-9.373-9.373-24.569 0-33.941l22.667-22.667c9.357-9.357 24.522-9.375 33.901-.04L224 284.505l154.745-154.021c9.379-9.335 24.544-9.317 33.901.04l22.667 22.667c9.373 9.373 9.373 24.569 0 33.941L240.971 381.476c-9.373 9.372-24.569 9.372-33.942 0z\"><\/path><\/svg><\/span>\n\t\t<\/span>\n\n\t\t\t\t\t\t<\/summary>\n\t\t\t\t<div role=\"region\" aria-labelledby=\"e-n-accordion-item-1710\" class=\"elementor-element elementor-element-f2ae548 e-con-full e-flex e-con e-child\" data-id=\"f2ae548\" data-element_type=\"container\" data-e-type=\"container\">\n\t\t<div role=\"region\" aria-labelledby=\"e-n-accordion-item-1710\" class=\"elementor-element elementor-element-8356e36 e-flex e-con-boxed e-con e-child\" data-id=\"8356e36\" data-element_type=\"container\" data-e-type=\"container\">\n\t\t\t\t\t<div class=\"e-con-inner\">\n\t\t\t\t<div class=\"elementor-element elementor-element-2b2bfeb elementor-widget__width-initial elementor-widget elementor-widget-text-editor\" data-id=\"2b2bfeb\" data-element_type=\"widget\" data-e-type=\"widget\" data-widget_type=\"text-editor.default\">\n\t\t\t\t\t\t\t\t\t<p>\u00c0rea d\u2019atenci\u00f3 a la fam\u00edlia &#8211; Baix Empord\u00e0 | Programa de Mesures Penals Alternatives &#8211; Ajuntament de Barcelona | SEAIA &#8211; Giron\u00e8s | Servei d&#8217;atenci\u00f3 a nenes i nens que han patit viol\u00e8ncia masclista (SAN) &#8211; Ajuntament de Barcelona | &#8220;Jo tamb\u00e9 vull ser-hi&#8221; &#8211; Diputaci\u00f3 de Barcelona | Projecte \u00c0mbar. Suport psicosocial &#8211; ajuntament de girona | serveis socials ajuntament sant feliu de gu\u00edxols | fundaci\u00f3n crea equidad &#8211; santiago de xile | ministeri d\u2019afers socials, juventut i igualtat &#8211; govern d\u2019andorra | serveis socials &#8211; la garrotxa | serveis socials &#8211; alt empord\u00e0<\/p>\n\t\t\t\t\t\t\t\t<\/div>\n\t\t\t\t\t<\/div>\n\t\t\t\t<\/div>\n\t\t\t\t<\/div>\n\t\t\t\t\t<\/details>\n\t\t\t\t\t<\/div>\n\t\t\t\t\t\t<\/div>\n\t\t\t\t<\/div>\n\t\t\t\t\t<\/div>\n\t\t\t\t<\/div>\n\t\t<div class=\"elementor-element elementor-element-4014177 e-flex e-con-boxed e-con e-parent\" data-id=\"4014177\" data-element_type=\"container\" data-e-type=\"container\" data-settings=\"{&quot;background_background&quot;:&quot;classic&quot;}\">\n\t\t\t\t\t<div class=\"e-con-inner\">\n\t\t<div class=\"elementor-element elementor-element-a4b6ff4 e-con-full animated-slow e-flex elementor-invisible e-con e-child\" data-id=\"a4b6ff4\" data-element_type=\"container\" data-e-type=\"container\" data-settings=\"{&quot;animation&quot;:&quot;fadeIn&quot;,&quot;animation_mobile&quot;:&quot;none&quot;}\">\n\t\t\t\t<div class=\"elementor-element elementor-element-4b6717b animated-slow e-transform elementor-invisible elementor-widget elementor-widget-image\" data-id=\"4b6717b\" data-element_type=\"widget\" data-e-type=\"widget\" data-settings=\"{&quot;_animation&quot;:&quot;fadeIn&quot;,&quot;_transform_rotateZ_effect&quot;:{&quot;unit&quot;:&quot;px&quot;,&quot;size&quot;:-2,&quot;sizes&quot;:[]},&quot;_transform_rotateZ_effect_tablet&quot;:{&quot;unit&quot;:&quot;deg&quot;,&quot;size&quot;:&quot;&quot;,&quot;sizes&quot;:[]},&quot;_transform_rotateZ_effect_mobile&quot;:{&quot;unit&quot;:&quot;deg&quot;,&quot;size&quot;:&quot;&quot;,&quot;sizes&quot;:[]}}\" data-widget_type=\"image.default\">\n\t\t\t\t\t\t\t\t\t\t\t\t\t\t\t<img fetchpriority=\"high\" decoding=\"async\" width=\"628\" height=\"928\" src=\"https:\/\/www.raullizana.com\/wp-content\/uploads\/2026\/04\/portada_web.png\" class=\"attachment-full size-full wp-image-1593\" alt=\"\" srcset=\"https:\/\/www.raullizana.com\/wp-content\/uploads\/2026\/04\/portada_web.png 628w, https:\/\/www.raullizana.com\/wp-content\/uploads\/2026\/04\/portada_web-203x300.png 203w\" sizes=\"(max-width: 628px) 100vw, 628px\">\t\t\t\t\t\t\t\t\t\t\t\t\t\t\t<\/div>\n\t\t\t\t<\/div>\n\t\t<div class=\"elementor-element elementor-element-555008e e-con-full animated-slow e-flex elementor-invisible e-con e-child\" data-id=\"555008e\" data-element_type=\"container\" data-e-type=\"container\" data-settings=\"{&quot;animation&quot;:&quot;fadeIn&quot;,&quot;animation_mobile&quot;:&quot;none&quot;}\">\n\t\t\t\t<div class=\"elementor-element elementor-element-856fad1 elementor-widget__width-initial animated-fast elementor-invisible elementor-widget elementor-widget-heading\" data-id=\"856fad1\" data-element_type=\"widget\" data-e-type=\"widget\" data-settings=\"{&quot;_animation&quot;:&quot;fadeInUp&quot;,&quot;_animation_mobile&quot;:&quot;none&quot;}\" data-widget_type=\"heading.default\">\n\t\t\t\t\t<h3 class=\"elementor-heading-title elementor-size-default\">A m\u00ed tambi\u00e9n me duele<\/h3>\t\t\t\t<\/div>\n\t\t\t\t<div class=\"elementor-element elementor-element-7472938 elementor-widget__width-initial elementor-widget-tablet__width-initial elementor-widget elementor-widget-heading\" data-id=\"7472938\" data-element_type=\"widget\" data-e-type=\"widget\" data-widget_type=\"heading.default\">\n\t\t\t\t\t<div class=\"elementor-heading-title elementor-size-default\">Violencia Vicaria: ni\u00f1as, ni\u00f1os y adolescentes supervivientes de la violencia machista en la pareja\nEditorial Herder - Sep. 2026<\/div>\t\t\t\t<\/div>\n\t\t\t\t<div class=\"elementor-element elementor-element-459a018 elementor-invisible elementor-widget elementor-widget-heading\" data-id=\"459a018\" data-element_type=\"widget\" data-e-type=\"widget\" data-settings=\"{&quot;_animation&quot;:&quot;fadeInUp&quot;,&quot;_animation_mobile&quot;:&quot;none&quot;}\" data-widget_type=\"heading.default\">\n\t\t\t\t\t<h4 class=\"elementor-heading-title elementor-size-default\">De Ra\u00fal Lizana Zamudio<\/h4>\t\t\t\t<\/div>\n\t\t\t\t<div class=\"elementor-element elementor-element-dc691ac animated-fast elementor-invisible elementor-widget elementor-widget-button\" data-id=\"dc691ac\" data-element_type=\"widget\" data-e-type=\"widget\" data-settings=\"{&quot;_animation&quot;:&quot;zoomIn&quot;,&quot;_animation_mobile&quot;:&quot;none&quot;,&quot;_animation_delay&quot;:600}\" data-widget_type=\"button.default\">\n\t\t\t\t\t\t\t\t\t\t<a class=\"elementor-button elementor-button-link elementor-size-sm\" href=\"https:\/\/www.raullizana.com\/ca\/recursos\/\">\n\t\t\t\t\t\t<span class=\"elementor-button-content-wrapper\">\n\t\t\t\t\t\t<span class=\"elementor-button-icon\">\n\t\t\t\t<svg aria-hidden=\"true\" class=\"e-font-icon-svg e-fas-arrow-right\" viewBox=\"0 0 448 512\" xmlns=\"http:\/\/www.w3.org\/2000\/svg\"><path d=\"M190.5 66.9l22.2-22.2c9.4-9.4 24.6-9.4 33.9 0L441 239c9.4 9.4 9.4 24.6 0 33.9L246.6 467.3c-9.4 9.4-24.6 9.4-33.9 0l-22.2-22.2c-9.5-9.5-9.3-25 .4-34.3L311.4 296H24c-13.3 0-24-10.7-24-24v-32c0-13.3 10.7-24 24-24h287.4L190.9 101.2c-9.8-9.3-10-24.8-.4-34.3z\"><\/path><\/svg>\t\t\t<\/span>\n\t\t\t\t\t\t\t\t\t<span class=\"elementor-button-text\">Descobrir<\/span>\n\t\t\t\t\t<\/span>\n\t\t\t\t\t<\/a>\n\t\t\t\t\t\t\t\t<\/div>\n\t\t\t\t<\/div>\n\t\t\t\t\t<\/div>\n\t\t\t\t<\/div>\n\t\t\t\t<\/div>\n\t\t","protected":false},"excerpt":{"rendered":"<p>RA\u00daL LIZANA ZAMUDIO Psic\u00f2leg, doctor en psicopatologia, formador i supervisor. Professor del M\u00e0ster en Psicopatologia infantojuvenil i la Diplomatura en\u00a0Viol\u00e8ncies\u00a0Masclistes\u00a0de la Universitat Aut\u00f2noma de Barcelona. Est\u00e0 format en Ter\u00e0pia Centrada en la Compassi\u00f3 i\u00a0Mindfulness. Fa uns 30 anys vaig comen\u00e7ar a interessar-me per les situacions de viol\u00e8ncia i trauma i en com afectaven profundament fam\u00edlies [&hellip;]<\/p>\n","protected":false},"author":1,"featured_media":0,"parent":0,"menu_order":0,"comment_status":"closed","ping_status":"closed","template":"page-templates\/pagebuilder.php","meta":{"zakra_page_container_layout":"customizer","zakra_page_sidebar_layout":"customizer","zakra_remove_content_margin":false,"zakra_sidebar":"customizer","zakra_transparent_header":"customizer","zakra_logo":0,"zakra_main_header_style":"default","zakra_menu_item_color":"","zakra_menu_item_hover_color":"","zakra_menu_item_active_color":"","zakra_menu_active_style":"","zakra_page_header":true,"inline_featured_image":false,"footnotes":""},"class_list":["post-1394","page","type-page","status-publish","hentry"],"_links":{"self":[{"href":"https:\/\/www.raullizana.com\/ca\/wp-json\/wp\/v2\/pages\/1394","targetHints":{"allow":["GET"]}}],"collection":[{"href":"https:\/\/www.raullizana.com\/ca\/wp-json\/wp\/v2\/pages"}],"about":[{"href":"https:\/\/www.raullizana.com\/ca\/wp-json\/wp\/v2\/types\/page"}],"author":[{"embeddable":true,"href":"https:\/\/www.raullizana.com\/ca\/wp-json\/wp\/v2\/users\/1"}],"replies":[{"embeddable":true,"href":"https:\/\/www.raullizana.com\/ca\/wp-json\/wp\/v2\/comments?post=1394"}],"version-history":[{"count":13,"href":"https:\/\/www.raullizana.com\/ca\/wp-json\/wp\/v2\/pages\/1394\/revisions"}],"predecessor-version":[{"id":1627,"href":"https:\/\/www.raullizana.com\/ca\/wp-json\/wp\/v2\/pages\/1394\/revisions\/1627"}],"wp:attachment":[{"href":"https:\/\/www.raullizana.com\/ca\/wp-json\/wp\/v2\/media?parent=1394"}],"curies":[{"name":"wp","href":"https:\/\/api.w.org\/{rel}","templated":true}]}}